{"id":983,"date":"2013-12-20T17:59:47","date_gmt":"2013-12-20T17:59:47","guid":{"rendered":"https:\/\/www.polyfillapro.com\/be-fr\/?page_id=983"},"modified":"2023-02-10T10:15:31","modified_gmt":"2023-02-10T10:15:31","slug":"privacy","status":"publish","type":"page","link":"https:\/\/www.polyfillapro.com\/be-fr\/privacy\/","title":{"rendered":"Protection de la vie priv\u00e9e"},"content":{"rendered":"<p><strong>1. OBJET. <\/strong><\/p>\n<p>1.1. Nous souhaitons vous offrir la meilleure exp\u00e9rience possible. Nous utilisons les informations que vous partagez avec nous pour am\u00e9liorer toujours plus la qualit\u00e9 de nos services et de votre exp\u00e9rience. La pr\u00e9sente D\u00e9claration de confidentialit\u00e9 est destin\u00e9e \u00e0 vous apporter une vision claire de la mani\u00e8re dont nous sommes susceptibles d\u2019utiliser vos Donn\u00e9es personnelles, de notre engagement \u00e0 les prot\u00e9ger ainsi que des options mises \u00e0 votre disposition pour les contr\u00f4ler et prot\u00e9ger votre vie priv\u00e9e.<br \/>\n1.2. Si vous \u00eates \u00e2g\u00e9 de moins de 16 ans, vous ne pouvez fournir de Donn\u00e9es personnelles \u00e0 Polyfilla Pro que si vous disposez d\u2019une autorisation \u00e9crite de l\u2019un de vos parents ou de votre tuteur l\u00e9gal, lesquels doivent avoir lu la pr\u00e9sente D\u00e9claration de confidentialit\u00e9.<\/p>\n<p><strong>2. GESTIONNAIRE DES DONN\u00c9ES.<\/strong><\/p>\n<p>Le Gestionnaire des donn\u00e9es qui d\u00e9termine les finalit\u00e9s et les moyens de traitement de vos Donn\u00e9es personnelles est Akzo Nobel Decorative Paints nv\/sa ayant son si\u00e8ge social \u00e0 Everest Office Park &#8211; Leuvensesteenweg 248 \u2013 1800 Vilvoorde et immatricul\u00e9 \u00e0 RPR Bruxelles sous le num\u00e9ro BE0405.746.050 (\u00ab Nous \u00bb, \u00ab Notre \u00bb, \u00ab Nos \u00bb).<\/p>\n<p><strong>3. D\u00c9FINITIONS.<\/strong><\/p>\n<p>Sauf si le contexte s\u2019y oppose, les termes ci-dessous ont la signification indiqu\u00e9e ci-apr\u00e8s :<br \/>\n\u00ab <strong>Gestionnaire des donn\u00e9es<\/strong> \u00bb d\u00e9signe tout tiers qui traite vos Donn\u00e9es personnelles pour notre compte.<br \/>\n\u00ab <strong>Loi<\/strong> \u00bb d\u00e9signe toute loi et r\u00e9glementation applicable se rapportant \u00e0 la vie priv\u00e9e.<br \/>\n\u00ab <strong>Compte personnel<\/strong> \u00bb d\u00e9signe le compte personnel que vous cr\u00e9ez sur le Site Web.<br \/>\n\u00ab <strong>Donn\u00e9es personnelles<\/strong> \u00bb d\u00e9signe toute donn\u00e9e personnelle que nous collectons \u00e0 votre sujet lorsque vous (i) acceptez que nous placions des cookies sur votre appareil \u00e9lectronique, (ii) cr\u00e9ez un Compte personnel, ou (iii) t\u00e9l\u00e9chargez des photos et des vid\u00e9os, selon le cas.<br \/>\n\u00ab <strong>R\u00e8gles de confidentialit\u00e9<\/strong> \u00bb d\u00e9signe les r\u00e8gles approuv\u00e9es par le groupe AkzoNobel.<br \/>\n\u00ab <strong>D\u00e9claration de confidentialit\u00e9<\/strong> \u00bb d\u00e9signe la pr\u00e9sente d\u00e9claration de confidentialit\u00e9.<br \/>\n\u00ab <strong>Traitement<\/strong> \u00bb d\u00e9signe toute op\u00e9ration r\u00e9alis\u00e9e par nos soins, \u00e0 l\u2019aide de proc\u00e9d\u00e9s automatis\u00e9s ou non, sur vos Donn\u00e9es personnelles, comme la collecte, l\u2019enregistrement, le stockage, l\u2019organisation, la modification, l\u2019utilisation, la divulgation (y compris l\u2019octroi d\u2019un acc\u00e8s \u00e0 distance), la transmission ou la suppression de vos Donn\u00e9es personnelles.<br \/>\n\u00ab <strong>Site Web<\/strong> \u00bb d\u00e9signe le site Web PolyfillaPro.com\/be-fr.<\/p>\n<p><strong>4. FINALIT\u00c9. <\/strong><\/p>\n<p>Nous utilisons vos Donn\u00e9es personnelles pour diff\u00e9rentes raisons. Vous trouverez ci-apr\u00e8s un aper\u00e7u des diff\u00e9rents types de Donn\u00e9es personnelles et des raisons de leur utilisation.<br \/>\n4.1. Lorsque vous utilisez nos Sites Web ou Applications, pour vous fournir l\u2019acc\u00e8s \u00e0 notre site Web et pour assurer la gestion technique et fonctionnelle du site Web. Nous traitons vos Donn\u00e9es personnelles techniques, telles que votre adresse IP, le navigateur Internet que vous utilisez, les pages Web visit\u00e9es, les sites Web visit\u00e9s ant\u00e9rieurement\/post\u00e9rieurement ainsi que la dur\u00e9e de la visite, afin d\u2019exploiter les fonctionnalit\u00e9s du site Web permettant de trouver les informations rapidement et facilement. Ces Donn\u00e9es personnelles sont \u00e9galement utilis\u00e9es pour r\u00e9soudre les difficult\u00e9s techniques ou am\u00e9liorer l\u2019accessibilit\u00e9 de certaines parties du site Web. \u00c0 cette fin, nous utilisons \u00e9galement des cookies [Link to Cookie Information Page].<br \/>\n4.2. Lorsque vous cr\u00e9ez un Compte personnel, pour g\u00e9rer le compte et assurer la confidentialit\u00e9 et la s\u00e9curit\u00e9 de vos achats. Lorsque vous d\u00e9cidez de vous inscrire sur notre site, vous devez fournir des Donn\u00e9es personnelles telles que votre nom, une adresse e-mail valide et toute autre information demand\u00e9e afin que nous puissions cr\u00e9er votre Compte personnel. Seuls les champs marqu\u00e9s d\u2019un ast\u00e9risque sont obligatoires. Si vous ne renseignez pas tous les champs obligatoires, vous ne pourrez pas cr\u00e9er votre Compte personnel. Ces Donn\u00e9es personnelles nous permettent de g\u00e9rer votre Compte personnel, de garantir la confidentialit\u00e9 et de pr\u00e9server la s\u00e9curit\u00e9 de vos achats. Nous traitons \u00e9galement les Donn\u00e9es personnelles telles que votre identifiant, votre r\u00f4le et votre code d\u2019acc\u00e8s. Par exemple, nous sommes en mesure de modifier votre mot de passe pour vous. En revanche, nous ne pouvons pas le visualiser. Vous pouvez toujours annuler votre Compte personnel en vous y connectant et en demandant son annulation.<br \/>\n4.3. Lorsque vous nous contactez via le formulaire de contact de notre Site Web, par e-mail ou autre, nous utilisons vos coordonn\u00e9es, les \u00e9changes que vous avez eus avec nous concernant votre question et toutes les autres Donn\u00e9es personnelles que vous nous avez fournies pour r\u00e9pondre \u00e0 votre question.<br \/>\n4.4. Pour d\u00e9velopper et am\u00e9liorer nos produits et services. Nous utilisons des Donn\u00e9es personnelles agr\u00e9g\u00e9es pour analyser le comportement de nos clients et adapter nos produits et services en cons\u00e9quence, en veillant ainsi \u00e0 en assurer la pertinence pour nos clients. Cela signifie que nous analysons la fr\u00e9quence \u00e0 laquelle vous lisez nos newsletters et visitez notre site Web et les pages sur lesquelles vous cliquez. \u00c0 partir de ces informations, nous pouvons apporter des modifications \u00e0 nos offres, nos newsletters ou notre site Web, mais aussi adapter nos promotions. Nous pouvons \u00e9galement identifier les tendances du march\u00e9 en r\u00e9alisant des analyses statistiques afin d\u2019\u00e9valuer et d\u2019adapter nos produits et de commercialiser de nouveaux d\u00e9veloppements, mais les r\u00e9sultats de ces \u00e9tudes sont pr\u00e9sent\u00e9es uniquement sous une forme agr\u00e9g\u00e9e.<br \/>\n4.5. Seulement si vous y avez consenti lors de la cr\u00e9ation de votre compte, pour vous envoyer des informations personnalis\u00e9es \u00e0 notre sujet. Vous pouvez choisir de recevoir de notre part des messages commerciaux, notamment une newsletter et des invitations \u00e0 des \u00e9v\u00e9nements, personnalis\u00e9s en fonction de vos pr\u00e9f\u00e9rences personnelles. Pour ce faire, nous cr\u00e9erons des profils et analyserons les interactions que vous entretenez avec nous et nous utiliserons vos Donn\u00e9es personnelles, notamment :<br \/>\n\u2022 vos nom, adresse e-mail et adresse postale ;<br \/>\n\u2022 vos pr\u00e9f\u00e9rences et centres d\u2019int\u00e9r\u00eat, notamment ceux que vous avez partag\u00e9s avec nous, mais \u00e9galement ceux qui sont d\u00e9duits de vos interactions enregistr\u00e9es avec les sites Web et applications d\u2019AkzoNobel (pour lesquels nous pouvons utiliser des cookies) ;<br \/>\n\u2022 l\u2019historique de vos achats en ligne (si vous associez vos achats \u00e0 votre profil) et en magasin (lorsque vous effectuez un achat hors ligne) ;<br \/>\n\u2022 les liens sur lesquels vous cliquez dans nos e-mails ;<br \/>\n\u2022 les messages push des applications.<br \/>\nCe faisant, nous identifions vos centres d\u2019int\u00e9r\u00eat et veillons \u00e0 vous proposer les informations and promotions les plus int\u00e9ressantes pour vous. Nous pouvons \u00e9galement vous demander votre avis sur nos produits et services. Si vous ne souhaitez plus recevoir de messages ou si vous souhaitez d\u00e9sactiver la r\u00e9ception ou l\u2019affichage d\u2019un certain mode de communication avec nous (par exemple, SMS, m\u00e9dias sociaux, e-mails ou courriers postaux), il vous suffit de suivre la proc\u00e9dure indiqu\u00e9e pour le mode de communication concern\u00e9.<br \/>\nOutre ce qui pr\u00e9c\u00e8de, nous pouvons utiliser vos Donn\u00e9es personnelles \u00e0 des fins statistiques, historiques ou scientifiques.<\/p>\n<p><strong>5. NOTIFICATION. <\/strong><\/p>\n<p>Nous vous informerons si nous modifions le mode d\u2019utilisation de vos Donn\u00e9es personnelles tel que d\u00e9fini \u00e0 la section 5, auquel cas, vous pouvez refuser ce changement.<\/p>\n<p><strong>6. TRANSFERT DES DONN\u00c9ES. <\/strong><\/p>\n<p>6.1. Nous transf\u00e8rerons vos Donn\u00e9es personnelle aux Gestionnaires des donn\u00e9es uniquement dans la mesure n\u00e9cessaire pour atteindre la finalit\u00e9 telle qu\u2019\u00e9nonc\u00e9e \u00e0 la section 4 ci-dessus.<br \/>\n6.2. Vos Donn\u00e9es personnelles ne seront pas transf\u00e9r\u00e9es en dehors de l\u2019Espace \u00e9conomique europ\u00e9en.<\/p>\n<p><strong>7. STOCKAGE DES DONN\u00c9ES.<\/strong><\/p>\n<p>Vos Donn\u00e9es personnelles sont stock\u00e9es par des Gestionnaires des donn\u00e9es dont les serveurs sont install\u00e9s aux Pays-Bas ou Belgique<\/p>\n<p><strong>8. CONSERVATION DES DONN\u00c9ES PERSONNELLES. <\/strong><\/p>\n<p>Nous ne conserverons pas vos Donn\u00e9es personnelles plus longtemps qu\u2019il ne faut pour atteindre les objectifs pour lesquels elles sont recueillies, ou nous les conserverons aussi longtemps que pr\u00e9vu par la loi.<\/p>\n<p><strong>9. S\u00c9CURIT\u00c9 DES DONN\u00c9ES. <\/strong><\/p>\n<p>9.1. Vos Donn\u00e9es personnelles sont trait\u00e9es en toute confidentialit\u00e9. Nous avons pris les mesures de s\u00e9curit\u00e9 techniques et organisationnelles qui conviennent contre la perte ou le traitement ill\u00e9gal de vos Donn\u00e9es personnelles. \u00c0 cette fin, nous utilisons plusieurs techniques de s\u00e9curit\u00e9, telles que des serveurs s\u00e9curis\u00e9s, des pare-feu, un syst\u00e8me de cryptage et des mesures de protection physique des sites de stockage de vos Donn\u00e9es personnelles.<br \/>\n9.2. Lorsque nous demandons \u00e0 un Gestionnaire des donn\u00e9es de traiter tout ou partie de vos Donn\u00e9es personnelles, nous concluons toujours avec lui un contrat en vertu duquel il doit respecter nos instructions, assurer la stricte confidentialit\u00e9 de vos Donn\u00e9es personnelles et prendre les mesures de s\u00e9curit\u00e9 appropri\u00e9es. Nous nous r\u00e9servons toujours le droit de r\u00e9aliser des audits afin de nous assurer que le Gestionnaire des donn\u00e9es respecte strictement les modalit\u00e9s du contrat susmentionn\u00e9.<\/p>\n<p><strong>10. SITES WEB EXTERNES.<\/strong><\/p>\n<p>Le site Web contiennent un certain nombre de liens vers d\u2019autres sites Web. Bien que ces derniers soient s\u00e9lectionn\u00e9s avec soin, nous d\u00e9clinons toute responsabilit\u00e9 dans le traitement de vos Donn\u00e9es personnelles par ces sites Web. Nos Conditions g\u00e9n\u00e9rales et la pr\u00e9sente D\u00e9claration de confidentialit\u00e9 ne s\u2019appliquent donc pas \u00e0 l\u2019utilisation de ces sites Web.<\/p>\n<p><strong>11. M\u00c9DIAS SOCIAUX.<\/strong><\/p>\n<p>11.1. Notre Site Web sont susceptibles de vous fournir des modules d\u2019extension sociaux pour diff\u00e9rents r\u00e9seaux sociaux. Si vous choisissez d\u2019interagir avec un r\u00e9seau social (en cr\u00e9ant un compte, par exemple), votre activit\u00e9 sur notre Site Web sera \u00e9galement accessible aux r\u00e9seaux sociaux, tels que Facebook et Twitter.<br \/>\n11.2. Si vous \u00eates connect\u00e9(e) \u00e0 l\u2019un de ces r\u00e9seaux sociaux pendant que vous visitez notre Site Web, le r\u00e9seau social en question pourra ajouter ces informations \u00e0 votre profil sur ce r\u00e9seau. Si vous interagissez avec l\u2019un des modules d\u2019extension sociaux, ces informations seront transf\u00e9r\u00e9es au r\u00e9seau social concern\u00e9. Si vous ne souhaitez pas un tel transfert de donn\u00e9es, veuillez-vous d\u00e9connecter du r\u00e9seau social avant d\u2019acc\u00e9der \u00e0 notre site Web.<br \/>\n11.3. Nous vous offrons \u00e9galement la possibilit\u00e9 de cr\u00e9er un compte via votre compte de r\u00e9seau social (Facebook, par exemple). Cela vous permettra de gagner du temps lors de la cr\u00e9ation du compte, puisque vos identifiants d\u2019authentification seront import\u00e9s depuis votre compte sur ce r\u00e9seau social. Veuillez noter que lorsque vous utilisez l\u2019option \u00ab connexion avec un r\u00e9seau social \u00bb, nous sommes susceptibles de recevoir certaines informations via ce r\u00e9seau social, comme vos nom, \u00e2ge, emplacement g\u00e9ographique, pr\u00e9f\u00e9rences, profession et toute autre information disponible sur votre profil public, voire d\u2019acc\u00e9der \u00e0 vos photos ou listes d\u2019amis figurant sur ce r\u00e9seau social. Nous ne demandons pas \u00e0 obtenir ces informations, elles nous sont fournies par le r\u00e9seau social dans le cadre de l\u2019utilisation de l\u2019option \u00ab connexion avec un r\u00e9seau social \u00bb. Si vous utilisez cette option de connexion avec un r\u00e9seau social, nous importerons uniquement les informations n\u00e9cessaires \u00e0 la cr\u00e9ation de votre compte chez nous et supprimerons, d\u00e8s r\u00e9ception, toute autre information obtenue via ce r\u00e9seau social. Une fois votre compte cr\u00e9\u00e9, vous aurez la possibilit\u00e9 d\u2019y ajouter toute autre information que vous souhaitez partager avec nous.<br \/>\n11.4. Le profil de votre r\u00e9seau social affichera des publicit\u00e9s AkzoNobel sur ses pages communautaires, dans la mesure o\u00f9 vous y aurez consenti via les param\u00e8tres de confidentialit\u00e9 de votre fournisseur de r\u00e9seau social.<br \/>\n11.5. Veuillez lire les politiques de confidentialit\u00e9 de ces r\u00e9seaux sociaux afin de conna\u00eetre en d\u00e9tail les informations relatives \u00e0 la collecte et au transfert des donn\u00e9es personnelles, aux droits dont vous disposez et \u00e0 la mani\u00e8re de r\u00e9gler \u00e0 votre convenance les param\u00e8tres de confidentialit\u00e9.<\/p>\n<p><strong>12. DROIT D\u2019ACC\u00c8S ET DE RECTIFICATION. <\/strong><\/p>\n<p>12.1. Vous avez le droit d\u2019acc\u00e9der \u00e0 vos Donn\u00e9es personnelles \u00e0 tout moment et vous pouvez les faire modifier ou supprimer en adressant votre demande \u00e0 :<\/p>\n<p style=\"text-align: center\">Akzo Nobel Decorative Paint nv\/sa<br \/>\nLeuvensesteenweg 248B<br \/>\n1800 Vilvoorde<br \/>\nOu par le <a href=\"\/be-fr\/contact\/\">formulaire<\/a> sur notre site<\/p>\n<p><strong>13. DROITS ET RECOURS. <\/strong><\/p>\n<p>Vous conservez les droits et recours pr\u00e9vus par la loi. Nos R\u00e8gles de confidentialit\u00e9 s\u2019appliquent uniquement si elles conf\u00e8rent une protection suppl\u00e9mentaire aux Donn\u00e9es personnelles. Si la loi conf\u00e8re une plus grande protection que nos R\u00e8gles de confidentialit\u00e9, la loi s\u2019applique. Si nos R\u00e8gles de confidentialit\u00e9 offrent une plus grande protection que la loi ou des protections, droits ou recours suppl\u00e9mentaires, nos R\u00e8gles de confidentialit\u00e9 s\u2019appliquent.<\/p>\n<p><strong>14. LOI APPLICABLE ET JURIDICTION COMP\u00c9TENTE. <\/strong><\/p>\n<p>La pr\u00e9sente D\u00e9claration de confidentialit\u00e9 est r\u00e9gie et interpr\u00e9t\u00e9e conform\u00e9ment aux les lois de Belgique. Dans toute la mesure autoris\u00e9e par la loi en vigueur, toute r\u00e9clamation ou tout litige se rapportant aux pr\u00e9sentes Conditions d\u2019utilisation devra \u00eatre soumis \u00e0 la juridiction exclusive des tribunaux de Belgique.<\/p>\n","protected":false},"excerpt":{"rendered":"1. OBJET. 1.1. Nous souhaitons vous offrir la meilleure exp\u00e9rience possible. Nous utilisons les informations que vous partagez avec nous pour am\u00e9liorer toujours plus la qualit\u00e9 de nos services et de votre exp\u00e9rience. La pr\u00e9sente D\u00e9claration de confidentialit\u00e9 est destin\u00e9e \u00e0 vous apporter une vision claire de la mani\u00e8re dont nous sommes susceptibles d\u2019utiliser vos [&hellip;]","protected":false},"author":25,"featured_media":0,"parent":0,"menu_order":0,"comment_status":"open","ping_status":"open","template":"","meta":{"_acf_changed":false,"inline_featured_image":false,"_monsterinsights_skip_tracking":false,"_monsterinsights_sitenote_active":false,"_monsterinsights_sitenote_note":"","_monsterinsights_sitenote_category":0,"footnotes":""},"class_list":["post-983","page","type-page","status-publish","hentry"],"acf":[],"yoast_head":"<!-- This site is optimized with the Yoast SEO Premium plugin v27.0 (Yoast SEO v27.0) - https:\/\/yoast.com\/product\/yoast-seo-premium-wordpress\/ -->\n<title>Protection de la vie priv\u00e9e - Polyfilla PRO BE-FR<\/title>\n<meta name=\"robots\" content=\"index, follow, max-snippet:-1, max-image-preview:large, max-video-preview:-1\" \/>\n<link rel=\"canonical\" href=\"https:\/\/www.polyfillapro.com\/be-fr\/privacy\/\" \/>\n<meta property=\"og:locale\" content=\"fr_FR\" \/>\n<meta property=\"og:type\" content=\"article\" \/>\n<meta property=\"og:title\" content=\"Protection de la vie priv\u00e9e - Polyfilla PRO BE-FR\" \/>\n<meta property=\"og:description\" content=\"1. OBJET. 1.1. Nous souhaitons vous offrir la meilleure exp\u00e9rience possible. Nous utilisons les informations que vous partagez avec nous pour am\u00e9liorer toujours plus la qualit\u00e9 de nos services et de votre exp\u00e9rience. La pr\u00e9sente D\u00e9claration de confidentialit\u00e9 est destin\u00e9e \u00e0 vous apporter une vision claire de la mani\u00e8re dont nous sommes susceptibles d\u2019utiliser vos [&hellip;]\" \/>\n<meta property=\"og:url\" content=\"https:\/\/www.polyfillapro.com\/be-fr\/privacy\/\" \/>\n<meta property=\"og:site_name\" content=\"Polyfilla PRO BE-FR\" \/>\n<meta property=\"article:modified_time\" content=\"2023-02-10T10:15:31+00:00\" \/>\n<meta name=\"twitter:card\" content=\"summary_large_image\" \/>\n<meta name=\"twitter:label1\" content=\"Dur\u00e9e de lecture est.\" \/>\n\t<meta name=\"twitter:data1\" content=\"9 minutes\" \/>\n<script type=\"application\/ld+json\" class=\"yoast-schema-graph\">{\"@context\":\"https:\/\/schema.org\",\"@graph\":[{\"@type\":\"WebPage\",\"@id\":\"https:\/\/www.polyfillapro.com\/be-fr\/privacy\/\",\"url\":\"https:\/\/www.polyfillapro.com\/be-fr\/privacy\/\",\"name\":\"Protection de la vie priv\u00e9e - Polyfilla PRO BE-FR\",\"isPartOf\":{\"@id\":\"https:\/\/www.polyfillapro.com\/be-fr\/#website\"},\"datePublished\":\"2013-12-20T17:59:47+00:00\",\"dateModified\":\"2023-02-10T10:15:31+00:00\",\"inLanguage\":\"fr-BE\",\"potentialAction\":[{\"@type\":\"ReadAction\",\"target\":[\"https:\/\/www.polyfillapro.com\/be-fr\/privacy\/\"]}]},{\"@type\":\"WebSite\",\"@id\":\"https:\/\/www.polyfillapro.com\/be-fr\/#website\",\"url\":\"https:\/\/www.polyfillapro.com\/be-fr\/\",\"name\":\"Polyfilla PRO BE-FR\",\"description\":\"\",\"publisher\":{\"@id\":\"https:\/\/www.polyfillapro.com\/be-fr\/#organization\"},\"potentialAction\":[{\"@type\":\"SearchAction\",\"target\":{\"@type\":\"EntryPoint\",\"urlTemplate\":\"https:\/\/www.polyfillapro.com\/be-fr\/?s={search_term_string}\"},\"query-input\":{\"@type\":\"PropertyValueSpecification\",\"valueRequired\":true,\"valueName\":\"search_term_string\"}}],\"inLanguage\":\"fr-BE\"},{\"@type\":\"Organization\",\"@id\":\"https:\/\/www.polyfillapro.com\/be-fr\/#organization\",\"name\":\"Polyfilla PRO BE-FR\",\"url\":\"https:\/\/www.polyfillapro.com\/be-fr\/\",\"logo\":{\"@type\":\"ImageObject\",\"inLanguage\":\"fr-BE\",\"@id\":\"https:\/\/www.polyfillapro.com\/be-fr\/#\/schema\/logo\/image\/\",\"url\":\"https:\/\/www.polyfillapro.com\/be-fr\/wp-content\/uploads\/sites\/6\/2022\/12\/logo-polyfilla-1.svg\",\"contentUrl\":\"https:\/\/www.polyfillapro.com\/be-fr\/wp-content\/uploads\/sites\/6\/2022\/12\/logo-polyfilla-1.svg\",\"width\":162,\"height\":65,\"caption\":\"Polyfilla PRO BE-FR\"},\"image\":{\"@id\":\"https:\/\/www.polyfillapro.com\/be-fr\/#\/schema\/logo\/image\/\"}}]}<\/script>\n<!-- \/ Yoast SEO Premium plugin. -->","yoast_head_json":{"title":"Protection de la vie priv\u00e9e - Polyfilla PRO BE-FR","robots":{"index":"index","follow":"follow","max-snippet":"max-snippet:-1","max-image-preview":"max-image-preview:large","max-video-preview":"max-video-preview:-1"},"canonical":"https:\/\/www.polyfillapro.com\/be-fr\/privacy\/","og_locale":"fr_FR","og_type":"article","og_title":"Protection de la vie priv\u00e9e - Polyfilla PRO BE-FR","og_description":"1. OBJET. 1.1. Nous souhaitons vous offrir la meilleure exp\u00e9rience possible. Nous utilisons les informations que vous partagez avec nous pour am\u00e9liorer toujours plus la qualit\u00e9 de nos services et de votre exp\u00e9rience. La pr\u00e9sente D\u00e9claration de confidentialit\u00e9 est destin\u00e9e \u00e0 vous apporter une vision claire de la mani\u00e8re dont nous sommes susceptibles d\u2019utiliser vos [&hellip;]","og_url":"https:\/\/www.polyfillapro.com\/be-fr\/privacy\/","og_site_name":"Polyfilla PRO BE-FR","article_modified_time":"2023-02-10T10:15:31+00:00","twitter_card":"summary_large_image","twitter_misc":{"Dur\u00e9e de lecture est.":"9 minutes"},"schema":{"@context":"https:\/\/schema.org","@graph":[{"@type":"WebPage","@id":"https:\/\/www.polyfillapro.com\/be-fr\/privacy\/","url":"https:\/\/www.polyfillapro.com\/be-fr\/privacy\/","name":"Protection de la vie priv\u00e9e - Polyfilla PRO BE-FR","isPartOf":{"@id":"https:\/\/www.polyfillapro.com\/be-fr\/#website"},"datePublished":"2013-12-20T17:59:47+00:00","dateModified":"2023-02-10T10:15:31+00:00","inLanguage":"fr-BE","potentialAction":[{"@type":"ReadAction","target":["https:\/\/www.polyfillapro.com\/be-fr\/privacy\/"]}]},{"@type":"WebSite","@id":"https:\/\/www.polyfillapro.com\/be-fr\/#website","url":"https:\/\/www.polyfillapro.com\/be-fr\/","name":"Polyfilla PRO BE-FR","description":"","publisher":{"@id":"https:\/\/www.polyfillapro.com\/be-fr\/#organization"},"potentialAction":[{"@type":"SearchAction","target":{"@type":"EntryPoint","urlTemplate":"https:\/\/www.polyfillapro.com\/be-fr\/?s={search_term_string}"},"query-input":{"@type":"PropertyValueSpecification","valueRequired":true,"valueName":"search_term_string"}}],"inLanguage":"fr-BE"},{"@type":"Organization","@id":"https:\/\/www.polyfillapro.com\/be-fr\/#organization","name":"Polyfilla PRO BE-FR","url":"https:\/\/www.polyfillapro.com\/be-fr\/","logo":{"@type":"ImageObject","inLanguage":"fr-BE","@id":"https:\/\/www.polyfillapro.com\/be-fr\/#\/schema\/logo\/image\/","url":"https:\/\/www.polyfillapro.com\/be-fr\/wp-content\/uploads\/sites\/6\/2022\/12\/logo-polyfilla-1.svg","contentUrl":"https:\/\/www.polyfillapro.com\/be-fr\/wp-content\/uploads\/sites\/6\/2022\/12\/logo-polyfilla-1.svg","width":162,"height":65,"caption":"Polyfilla PRO BE-FR"},"image":{"@id":"https:\/\/www.polyfillapro.com\/be-fr\/#\/schema\/logo\/image\/"}}]}},"_links":{"self":[{"href":"https:\/\/www.polyfillapro.com\/be-fr\/wp-json\/wp\/v2\/pages\/983","targetHints":{"allow":["GET"]}}],"collection":[{"href":"https:\/\/www.polyfillapro.com\/be-fr\/wp-json\/wp\/v2\/pages"}],"about":[{"href":"https:\/\/www.polyfillapro.com\/be-fr\/wp-json\/wp\/v2\/types\/page"}],"author":[{"embeddable":true,"href":"https:\/\/www.polyfillapro.com\/be-fr\/wp-json\/wp\/v2\/users\/25"}],"replies":[{"embeddable":true,"href":"https:\/\/www.polyfillapro.com\/be-fr\/wp-json\/wp\/v2\/comments?post=983"}],"version-history":[{"count":12,"href":"https:\/\/www.polyfillapro.com\/be-fr\/wp-json\/wp\/v2\/pages\/983\/revisions"}],"predecessor-version":[{"id":3975,"href":"https:\/\/www.polyfillapro.com\/be-fr\/wp-json\/wp\/v2\/pages\/983\/revisions\/3975"}],"wp:attachment":[{"href":"https:\/\/www.polyfillapro.com\/be-fr\/wp-json\/wp\/v2\/media?parent=983"}],"curies":[{"name":"wp","href":"https:\/\/api.w.org\/{rel}","templated":true}]}}